{"id":5485,"date":"2023-07-20T22:45:27","date_gmt":"2023-07-21T04:45:27","guid":{"rendered":"https:\/\/beintoo.com\/informativa-gdpr-fornitori-clienti\/"},"modified":"2026-04-16T04:36:58","modified_gmt":"2026-04-16T10:36:58","slug":"informativa-gdpr-fornitori-clienti","status":"publish","type":"page","link":"https:\/\/beintoo.com\/es\/informativa-gdpr-fornitori-clienti\/","title":{"rendered":"Informativa GDPR Fornitori Clienti"},"content":{"rendered":"\r\n<div class=\"wp-block-group\"><div class=\"wp-block-group__inner-container is-layout-constrained wp-block-group-is-layout-constrained\">\r\n\r\n<h2 class=\"wp-block-heading has-x-large-font-size\">POL\u00cdTICA DE PROTECCI\u00d3N DE DATOS PERSONALES<\/h2>\r\n\r\n\r\n\r\n<p><strong>de conformidad con el art. 13 del Reglamento (UE) 2016\/679 (\u00abRGPD\u00bb)<\/strong><\/p>\r\n\r\n\r\n\r\n<p>De conformidad con lo dispuesto en el art. 13 del Reglamento (UE) 2016\/679, le informamos de que sus datos personales ser\u00e1n tratados mediante medios electr\u00f3nicos y manuales, tecnolog\u00edas innovadoras y otros programas inform\u00e1ticos.<\/p>\r\n\r\n\r\n\r\n<p>La presente pol\u00edtica, redactada con arreglo al principio de transparencia y a todos los requisitos del RGPD, se divide en secciones independientes, cada una de las cuales aborda un tema espec\u00edfico con el fin de facilitar una lectura m\u00e1s r\u00e1pida, sencilla y comprensible (en adelante, \u00abPol\u00edtica\u00bb).<\/p>\r\n\r\n\r\n\r\n<p><strong>Responsable del tratamiento<\/strong><\/p>\r\n\r\n\r\n\r\n<p>El responsable del tratamiento es Beintoo S.p.A., con domicilio social en Mil\u00e1n, via Paleocapa 3 (en adelante, \u00abResponsable del tratamiento\u00bb).<\/p>\r\n\r\n\r\n\r\n<p><strong>Delegado de protecci\u00f3n de datos<\/strong><\/p>\r\n\r\n\r\n\r\n<p>El Responsable del tratamiento ha designado a un delegado de protecci\u00f3n de datos (en adelante, \u00abDPD\u00bb), con sede en Viale Europa 48, 20093 Cologno Monzese (MI).<\/p>\r\n\r\n\r\n\r\n<p>De conformidad con el art. 38, p\u00e1r. 4 del RGPD, puede ponerse en contacto con el delegado de protecci\u00f3n de datos (DPD) para cualquier cuesti\u00f3n relacionada con el tratamiento de tus datos personales y el ejercicio de los derechos previstos en el RGPD, escribiendo a la siguiente direcci\u00f3n de correo electr\u00f3nico: infoprivacy.dpo@mediaset.it<\/p>\r\n\r\n\r\n\r\n<p><strong>Fines del tratamiento<\/strong><\/p>\r\n\r\n\r\n\r\n<p>La recogida y el tratamiento de los datos personales se llevar\u00e1n a cabo con los siguientes fines:<\/p>\r\n\r\n\r\n\r\n<ul class=\"wp-block-list\">\r\n<li>dar curso a la solicitud de contacto enviada a trav\u00e9s del formulario correspondiente;<\/li>\r\n<li>para el env\u00edo del bolet\u00edn informativo, previo consentimiento del interesado.<\/li>\r\n<\/ul>\r\n\r\n\r\n\r\n<p>El suministro de los datos es necesario para alcanzar el fin indicado en el punto 1), y el hecho de no facilitarlos, o de hacerlo de forma parcial o incorrecta, podr\u00eda impedir el logro de dicho fin; por el contrario, el consentimiento para el fin indicado en el punto 2) es facultativo.<\/p>\r\n\r\n\r\n\r\n<p><strong>Base jur\u00eddica del tratamiento<\/strong><\/p>\r\n\r\n\r\n\r\n<p>La base jur\u00eddica del tratamiento es:<\/p>\r\n\r\n\r\n\r\n<ul class=\"wp-block-list\">\r\n<li>la ejecuci\u00f3n de medidas precontractuales, adoptadas a petici\u00f3n del interesado, y\/o del contrato celebrado con el Responsable del tratamiento para los fines indicados en el punto 1);<\/li>\r\n<li>el consentimiento, que puede revocarse libremente en cualquier momento, para los fines indicados en el punto 2).<\/li>\r\n<\/ul>\r\n\r\n\r\n\r\n<p><strong>Comunicaci\u00f3n de datos<\/strong><\/p>\r\n\r\n\r\n\r\n<p>Los datos personales ser\u00e1n tratados exclusivamente por personas autorizadas para ello (art. 29 del RGPD) y por terceros que puedan haber sido designados como Encargados del tratamiento (art. 28 del RGPD) o que act\u00faen como Responsables del tratamiento independientes, con el fin de llevar a cabo todas las actividades de tratamiento necesarias para alcanzar los fines detallados en la presente Pol\u00edtica. Adem\u00e1s, los datos podr\u00e1n ser comunicados a organismos p\u00fablicos o a las autoridades judiciales y de seguridad p\u00fablica, cuando as\u00ed lo exija la ley o con el fin de prevenir o reprimir la comisi\u00f3n de un delito.<\/p>\r\n\r\n\r\n\r\n<p><strong>Plazo de conservaci\u00f3n<\/strong><\/p>\r\n\r\n\r\n\r\n<p>Todos los datos recogidos se tratar\u00e1n durante el tiempo necesario para alcanzar los fines previstos en la presente Pol\u00edtica y, en particular:<\/p>\r\n\r\n\r\n\r\n<ul class=\"wp-block-list\">\r\n<li>12 meses a partir de la recepci\u00f3n de la solicitud de contacto para los fines indicados en el punto 1);<\/li>\r\n<li>hasta que se revoque el consentimiento, para los fines indicados en el punto 2).<\/li>\r\n<\/ul>\r\n\r\n\r\n\r\n<p><strong>Revocaci\u00f3n del consentimiento<\/strong><\/p>\r\n\r\n\r\n\r\n<p>El interesado tiene derecho a revocar el consentimiento otorgado al Responsable del tratamiento, en cualquier momento, de forma total o parcial, sin que ello afecte a la licitud del tratamiento basado en el consentimiento prestado antes de la revocaci\u00f3n. Para revocar el consentimiento, el interesado podr\u00e1 ponerse en contacto con el Responsable del tratamiento a trav\u00e9s de los datos de contacto que figuran en la presente Pol\u00edtica.<\/p>\r\n\r\n\r\n\r\n<p><strong>\u00c1mbito territorial del tratamiento<\/strong><\/p>\r\n\r\n\r\n\r\n<p>El Responsable del tratamiento tratar\u00e1 los datos personales dentro del territorio de la Uni\u00f3n Europea. En caso de que, por motivos t\u00e9cnicos y\/u operativos, sea necesario recurrir a terceros situados fuera de la Uni\u00f3n Europea, le informamos desde este momento de que la transferencia se llevar\u00e1 a cabo respetando los derechos y garant\u00edas previstos en la normativa vigente. Por lo tanto, la transferencia de datos personales a dichos sujetos se regir\u00e1 de conformidad con lo dispuesto en el cap\u00edtulo V del RGPD. En cualquier caso, si sus datos personales han sido tratados fuera de la Uni\u00f3n Europea, podr\u00e1 solicitar m\u00e1s informaci\u00f3n al Responsable del tratamiento, solicitando que le facilite pruebas de las garant\u00edas espec\u00edficas adoptadas.<\/p>\r\n\r\n\r\n\r\n<p><strong>Derechos del interesado<\/strong><\/p>\r\n\r\n\r\n\r\n<p>Le recordamos que puede ejercer los derechos previstos en los arts. 15 y ss. del RGPD y, en particular, solicitar:<\/p>\r\n\r\n\r\n\r\n<ul class=\"wp-block-list\">\r\n<li>la confirmaci\u00f3n de si se est\u00e1n tratando o no datos personales que le conciernen&#8230;<\/li>\r\n<\/ul>\r\n\r\n\r\n\r\n<p>El interesado podr\u00e1 ejercer sus derechos escribiendo a la siguiente direcci\u00f3n de correo electr\u00f3nico: infoprivacy@mediaset.it. En cualquier caso, si considera que el tratamiento de los datos incumple la normativa vigente en materia de privacidad, puede presentar una reclamaci\u00f3n ante la autoridad de control competente.<\/p>\r\n\r\n\r\n\r\n<p>Versi\u00f3n 2 (V2); abril de 2026<\/p>\r\n\r\n<\/div><\/div>\r\n\r\n\r\n<div id=\"professor_prebid-root\">&nbsp;<\/div>\r\n<div id=\"professor_prebid-root\">&nbsp;<\/div>","protected":false},"excerpt":{"rendered":"<p>POL\u00cdTICA DE PROTECCI\u00d3N DE DATOS PERSONALES de conformidad con el art. 13 del Reglamento (UE) 2016\/679 (\u00abRGPD\u00bb) De conformidad con lo dispuesto en el art. 13 del Reglamento (UE) 2016\/679,&#8230;<\/p>\n","protected":false},"author":24,"featured_media":0,"parent":0,"menu_order":0,"comment_status":"closed","ping_status":"closed","template":"","meta":{"_acf_changed":false,"_seopress_robots_primary_cat":"","_seopress_titles_title":"","_seopress_titles_desc":"","_seopress_robots_index":"","inline_featured_image":false,"footnotes":""},"class_list":["post-5485","page","type-page","status-publish"],"acf":[],"_links":{"self":[{"href":"https:\/\/beintoo.com\/es\/wp-json\/wp\/v2\/pages\/5485","targetHints":{"allow":["GET"]}}],"collection":[{"href":"https:\/\/beintoo.com\/es\/wp-json\/wp\/v2\/pages"}],"about":[{"href":"https:\/\/beintoo.com\/es\/wp-json\/wp\/v2\/types\/page"}],"author":[{"embeddable":true,"href":"https:\/\/beintoo.com\/es\/wp-json\/wp\/v2\/users\/24"}],"replies":[{"embeddable":true,"href":"https:\/\/beintoo.com\/es\/wp-json\/wp\/v2\/comments?post=5485"}],"version-history":[{"count":7,"href":"https:\/\/beintoo.com\/es\/wp-json\/wp\/v2\/pages\/5485\/revisions"}],"predecessor-version":[{"id":26770,"href":"https:\/\/beintoo.com\/es\/wp-json\/wp\/v2\/pages\/5485\/revisions\/26770"}],"wp:attachment":[{"href":"https:\/\/beintoo.com\/es\/wp-json\/wp\/v2\/media?parent=5485"}],"curies":[{"name":"wp","href":"https:\/\/api.w.org\/{rel}","templated":true}]}}